{"id":38,"date":"2019-02-13T09:52:39","date_gmt":"2019-02-13T12:52:39","guid":{"rendered":"http:\/\/chivilcoy.gov.ar\/hcd\/?page_id=38"},"modified":"2026-04-13T12:33:50","modified_gmt":"2026-04-13T15:33:50","slug":"concejales","status":"publish","type":"page","link":"http:\/\/chivilcoy.gov.ar\/hcd\/concejales\/","title":{"rendered":"Concejales"},"content":{"rendered":"<h3 class=\"nombre_bloque_concejales\">Bloque Primero Chivilcoy<\/h3>\n<div id=\"staff_list_13e5659b882a46bcc976\" class=\"staff-list show_photo show_name hide_title hide_bio hide_phone hide_email hide_address hide_website style_list staff_category_primero-chivilcoy\">\n\n\t\n\t\t\n\t\t<div class=\"staff-member\">\t\t\n\t\t\t\t\t\t\t<div class=\"staff-photo\">\n\t\t\t\t\t<a href=\"http:\/\/chivilcoy.gov.ar\/hcd\/miembros\/lucas-burgos\/\"><img width=\"350\" height=\"350\" src=\"http:\/\/chivilcoy.gov.ar\/hcd\/wp-content\/uploads\/2019\/02\/2026-lucas-burgos.jpg\" class=\"attachment-post-thumbnail size-post-thumbnail wp-post-image\" alt=\"\" decoding=\"async\" loading=\"lazy\" srcset=\"http:\/\/chivilcoy.gov.ar\/hcd\/wp-content\/uploads\/2019\/02\/2026-lucas-burgos.jpg 350w, http:\/\/chivilcoy.gov.ar\/hcd\/wp-content\/uploads\/2019\/02\/2026-lucas-burgos-300x300.jpg 300w, http:\/\/chivilcoy.gov.ar\/hcd\/wp-content\/uploads\/2019\/02\/2026-lucas-burgos-150x150.jpg 150w\" sizes=\"(max-width: 350px) 100vw, 350px\" \/><\/a>\n\t\t\t\t<\/div>\n\t\t\t\t\t\t\n\t\t\t<div class=\"staff-member-right\">\n\t\t\t\t\t\t\t\t<h3 class=\"staff-member-name\">\n\t\t\t\t\t<a href=\"http:\/\/chivilcoy.gov.ar\/hcd\/miembros\/lucas-burgos\/\">Lucas Burgos<\/a>\n\t\t\t\t<\/h3>\n\t\t\t\t\t\t\t\t\n\t\t\t\t<h4> <\/h4>\n\t\t\t\t\t\t\t<\/div>\t\t\t\n\t\t<\/div>\n\t\n\t\t\n\t\t<div class=\"staff-member\">\t\t\n\t\t\t\t\t\t\t<div class=\"staff-photo\">\n\t\t\t\t\t<a href=\"http:\/\/chivilcoy.gov.ar\/hcd\/miembros\/jose-luis-ghiglieri\/\"><img width=\"350\" height=\"350\" src=\"http:\/\/chivilcoy.gov.ar\/hcd\/wp-content\/uploads\/2026\/04\/2026-jose-luis-ghiglieri.jpg\" class=\"attachment-post-thumbnail size-post-thumbnail wp-post-image\" alt=\"\" decoding=\"async\" loading=\"lazy\" srcset=\"http:\/\/chivilcoy.gov.ar\/hcd\/wp-content\/uploads\/2026\/04\/2026-jose-luis-ghiglieri.jpg 350w, http:\/\/chivilcoy.gov.ar\/hcd\/wp-content\/uploads\/2026\/04\/2026-jose-luis-ghiglieri-300x300.jpg 300w, http:\/\/chivilcoy.gov.ar\/hcd\/wp-content\/uploads\/2026\/04\/2026-jose-luis-ghiglieri-150x150.jpg 150w\" sizes=\"(max-width: 350px) 100vw, 350px\" \/><\/a>\n\t\t\t\t<\/div>\n\t\t\t\t\t\t\n\t\t\t<div class=\"staff-member-right\">\n\t\t\t\t\t\t\t\t<h3 class=\"staff-member-name\">\n\t\t\t\t\t<a href=\"http:\/\/chivilcoy.gov.ar\/hcd\/miembros\/jose-luis-ghiglieri\/\">Jos\u00e9 Luis Ghiglieri<\/a>\n\t\t\t\t<\/h3>\n\t\t\t\t\t\t\t\t\n\t\t\t\t<h4> <\/h4>\n\t\t\t\t\t\t\t<\/div>\t\t\t\n\t\t<\/div>\n\t\n\t\t\n\t\t<div class=\"staff-member\">\t\t\n\t\t\t\t\t\t\t<div class=\"staff-photo\">\n\t\t\t\t\t<a href=\"http:\/\/chivilcoy.gov.ar\/hcd\/miembros\/mariana-frigoli\/\"><img width=\"350\" height=\"350\" src=\"http:\/\/chivilcoy.gov.ar\/hcd\/wp-content\/uploads\/2020\/02\/2025-mariana-frigoli.jpg\" class=\"attachment-post-thumbnail size-post-thumbnail wp-post-image\" alt=\"Mariana Frigoli\" decoding=\"async\" loading=\"lazy\" srcset=\"http:\/\/chivilcoy.gov.ar\/hcd\/wp-content\/uploads\/2020\/02\/2025-mariana-frigoli.jpg 350w, http:\/\/chivilcoy.gov.ar\/hcd\/wp-content\/uploads\/2020\/02\/2025-mariana-frigoli-300x300.jpg 300w, http:\/\/chivilcoy.gov.ar\/hcd\/wp-content\/uploads\/2020\/02\/2025-mariana-frigoli-150x150.jpg 150w\" sizes=\"(max-width: 350px) 100vw, 350px\" \/><\/a>\n\t\t\t\t<\/div>\n\t\t\t\t\t\t\n\t\t\t<div class=\"staff-member-right\">\n\t\t\t\t\t\t\t\t<h3 class=\"staff-member-name\">\n\t\t\t\t\t<a href=\"http:\/\/chivilcoy.gov.ar\/hcd\/miembros\/mariana-frigoli\/\">Mariana Fr\u00edgoli<\/a>\n\t\t\t\t<\/h3>\n\t\t\t\t\t\t\t\t\n\t\t\t\t<h4> <\/h4>\n\t\t\t\t\t\t\t<\/div>\t\t\t\n\t\t<\/div>\n\t\n\t\t\n\t\t<div class=\"staff-member\">\t\t\n\t\t\t\t\t\t\t<div class=\"staff-photo\">\n\t\t\t\t\t<a href=\"http:\/\/chivilcoy.gov.ar\/hcd\/miembros\/fernanda-pommares\/\"><img width=\"350\" height=\"350\" src=\"http:\/\/chivilcoy.gov.ar\/hcd\/wp-content\/uploads\/2026\/04\/2026-fernanda-pommares.jpg\" class=\"attachment-post-thumbnail size-post-thumbnail wp-post-image\" alt=\"\" decoding=\"async\" loading=\"lazy\" srcset=\"http:\/\/chivilcoy.gov.ar\/hcd\/wp-content\/uploads\/2026\/04\/2026-fernanda-pommares.jpg 350w, http:\/\/chivilcoy.gov.ar\/hcd\/wp-content\/uploads\/2026\/04\/2026-fernanda-pommares-300x300.jpg 300w, http:\/\/chivilcoy.gov.ar\/hcd\/wp-content\/uploads\/2026\/04\/2026-fernanda-pommares-150x150.jpg 150w\" sizes=\"(max-width: 350px) 100vw, 350px\" \/><\/a>\n\t\t\t\t<\/div>\n\t\t\t\t\t\t\n\t\t\t<div class=\"staff-member-right\">\n\t\t\t\t\t\t\t\t<h3 class=\"staff-member-name\">\n\t\t\t\t\t<a href=\"http:\/\/chivilcoy.gov.ar\/hcd\/miembros\/fernanda-pommares\/\">Fernanda Pommares<\/a>\n\t\t\t\t<\/h3>\n\t\t\t\t\t\t\t\t\n\t\t\t\t<h4> <\/h4>\n\t\t\t\t\t\t\t<\/div>\t\t\t\n\t\t<\/div>\n\t\n\t\t\n\t\t<div class=\"staff-member\">\t\t\n\t\t\t\t\t\t\t<div class=\"staff-photo\">\n\t\t\t\t\t<a href=\"http:\/\/chivilcoy.gov.ar\/hcd\/miembros\/nadia-rosito\/\"><img width=\"350\" height=\"350\" src=\"http:\/\/chivilcoy.gov.ar\/hcd\/wp-content\/uploads\/2026\/04\/2026-nadia-rosito.jpg\" class=\"attachment-post-thumbnail size-post-thumbnail wp-post-image\" alt=\"\" decoding=\"async\" loading=\"lazy\" srcset=\"http:\/\/chivilcoy.gov.ar\/hcd\/wp-content\/uploads\/2026\/04\/2026-nadia-rosito.jpg 350w, http:\/\/chivilcoy.gov.ar\/hcd\/wp-content\/uploads\/2026\/04\/2026-nadia-rosito-300x300.jpg 300w, http:\/\/chivilcoy.gov.ar\/hcd\/wp-content\/uploads\/2026\/04\/2026-nadia-rosito-150x150.jpg 150w\" sizes=\"(max-width: 350px) 100vw, 350px\" \/><\/a>\n\t\t\t\t<\/div>\n\t\t\t\t\t\t\n\t\t\t<div class=\"staff-member-right\">\n\t\t\t\t\t\t\t\t<h3 class=\"staff-member-name\">\n\t\t\t\t\t<a href=\"http:\/\/chivilcoy.gov.ar\/hcd\/miembros\/nadia-rosito\/\">Nadia Rosito<\/a>\n\t\t\t\t<\/h3>\n\t\t\t\t\t\t\t\t\n\t\t\t\t<h4> <\/h4>\n\t\t\t\t\t\t\t<\/div>\t\t\t\n\t\t<\/div>\n\t\n\t\t\n\t\t<div class=\"staff-member\">\t\t\n\t\t\t\t\t\t\t<div class=\"staff-photo\">\n\t\t\t\t\t<a href=\"http:\/\/chivilcoy.gov.ar\/hcd\/miembros\/rocio-tello\/\"><img width=\"350\" height=\"350\" src=\"http:\/\/chivilcoy.gov.ar\/hcd\/wp-content\/uploads\/2026\/04\/2026-rocio-tello.jpg\" class=\"attachment-post-thumbnail size-post-thumbnail wp-post-image\" alt=\"\" decoding=\"async\" loading=\"lazy\" srcset=\"http:\/\/chivilcoy.gov.ar\/hcd\/wp-content\/uploads\/2026\/04\/2026-rocio-tello.jpg 350w, http:\/\/chivilcoy.gov.ar\/hcd\/wp-content\/uploads\/2026\/04\/2026-rocio-tello-300x300.jpg 300w, http:\/\/chivilcoy.gov.ar\/hcd\/wp-content\/uploads\/2026\/04\/2026-rocio-tello-150x150.jpg 150w\" sizes=\"(max-width: 350px) 100vw, 350px\" \/><\/a>\n\t\t\t\t<\/div>\n\t\t\t\t\t\t\n\t\t\t<div class=\"staff-member-right\">\n\t\t\t\t\t\t\t\t<h3 class=\"staff-member-name\">\n\t\t\t\t\t<a href=\"http:\/\/chivilcoy.gov.ar\/hcd\/miembros\/rocio-tello\/\">Roc\u00edo Tello<\/a>\n\t\t\t\t<\/h3>\n\t\t\t\t\t\t\t\t\n\t\t\t\t<h4> <\/h4>\n\t\t\t\t\t\t\t<\/div>\t\t\t\n\t\t<\/div>\n\t\n\t\n\t<\/div>\n<h3 class=\"nombre_bloque_concejales\">Bloque Fuerza Chivilcoyana<\/h3>\n<div id=\"staff_list_4dae2d6aa2c67f698897\" class=\"staff-list show_photo show_name hide_title hide_bio hide_phone hide_email hide_address hide_website style_list staff_category_fuerza-chivilcoyana\">\n\n\t\n\t\t\n\t\t<div class=\"staff-member\">\t\t\n\t\t\t\t\t\t\t<div class=\"staff-photo\">\n\t\t\t\t\t<a href=\"http:\/\/chivilcoy.gov.ar\/hcd\/miembros\/rosario-galland\/\"><img width=\"350\" height=\"350\" src=\"http:\/\/chivilcoy.gov.ar\/hcd\/wp-content\/uploads\/2026\/04\/2026-rosario-galland.jpg\" class=\"attachment-post-thumbnail size-post-thumbnail wp-post-image\" alt=\"\" decoding=\"async\" loading=\"lazy\" srcset=\"http:\/\/chivilcoy.gov.ar\/hcd\/wp-content\/uploads\/2026\/04\/2026-rosario-galland.jpg 350w, http:\/\/chivilcoy.gov.ar\/hcd\/wp-content\/uploads\/2026\/04\/2026-rosario-galland-300x300.jpg 300w, http:\/\/chivilcoy.gov.ar\/hcd\/wp-content\/uploads\/2026\/04\/2026-rosario-galland-150x150.jpg 150w\" sizes=\"(max-width: 350px) 100vw, 350px\" \/><\/a>\n\t\t\t\t<\/div>\n\t\t\t\t\t\t\n\t\t\t<div class=\"staff-member-right\">\n\t\t\t\t\t\t\t\t<h3 class=\"staff-member-name\">\n\t\t\t\t\t<a href=\"http:\/\/chivilcoy.gov.ar\/hcd\/miembros\/rosario-galland\/\">Mar\u00eda del Rosario Galland<\/a>\n\t\t\t\t<\/h3>\n\t\t\t\t\t\t\t\t\n\t\t\t\t<h4> <\/h4>\n\t\t\t\t\t\t\t<\/div>\t\t\t\n\t\t<\/div>\n\t\n\t\n\t<\/div>\n<h3 class=\"nombre_bloque_concejales\">Bloque Hacemos por Chivilcoy<\/h3>\n<div id=\"staff_list_9a7cf8105db4d2e412e7\" class=\"staff-list show_photo show_name hide_title hide_bio hide_phone hide_email hide_address hide_website style_list staff_category_hacemos\">\n\n\t\n\t\t\n\t\t<div class=\"staff-member\">\t\t\n\t\t\t\t\t\t\t<div class=\"staff-photo\">\n\t\t\t\t\t<a href=\"http:\/\/chivilcoy.gov.ar\/hcd\/miembros\/maria-de-los-angeles-rodriguez\/\"><img width=\"350\" height=\"350\" src=\"http:\/\/chivilcoy.gov.ar\/hcd\/wp-content\/uploads\/2025\/06\/2026-maria-de-los-angeles-rodriguez.jpg\" class=\"attachment-post-thumbnail size-post-thumbnail wp-post-image\" alt=\"\" decoding=\"async\" loading=\"lazy\" srcset=\"http:\/\/chivilcoy.gov.ar\/hcd\/wp-content\/uploads\/2025\/06\/2026-maria-de-los-angeles-rodriguez.jpg 350w, http:\/\/chivilcoy.gov.ar\/hcd\/wp-content\/uploads\/2025\/06\/2026-maria-de-los-angeles-rodriguez-300x300.jpg 300w, http:\/\/chivilcoy.gov.ar\/hcd\/wp-content\/uploads\/2025\/06\/2026-maria-de-los-angeles-rodriguez-150x150.jpg 150w\" sizes=\"(max-width: 350px) 100vw, 350px\" \/><\/a>\n\t\t\t\t<\/div>\n\t\t\t\t\t\t\n\t\t\t<div class=\"staff-member-right\">\n\t\t\t\t\t\t\t\t<h3 class=\"staff-member-name\">\n\t\t\t\t\t<a href=\"http:\/\/chivilcoy.gov.ar\/hcd\/miembros\/maria-de-los-angeles-rodriguez\/\">Mar\u00eda de los \u00c1ngeles Rodr\u00edguez<\/a>\n\t\t\t\t<\/h3>\n\t\t\t\t\t\t\t\t\n\t\t\t\t<h4> <\/h4>\n\t\t\t\t\t\t\t<\/div>\t\t\t\n\t\t<\/div>\n\t\n\t\n\t<\/div>\n<h3 class=\"nombre_bloque_concejales\">Bloque Juan Mart\u00edn Etcheverr\u00eda<\/h3>\n<div id=\"staff_list_276017350c219bf6f9b7\" class=\"staff-list show_photo show_name hide_title hide_bio hide_phone hide_email hide_address hide_website style_list staff_category_juan-martin-etcheverria\">\n\n\t\n\t\t\n\t\t<div class=\"staff-member\">\t\t\n\t\t\t\t\t\t\t<div class=\"staff-photo\">\n\t\t\t\t\t<a href=\"http:\/\/chivilcoy.gov.ar\/hcd\/miembros\/juan-martin-etcheverria\/\"><img width=\"350\" height=\"350\" src=\"http:\/\/chivilcoy.gov.ar\/hcd\/wp-content\/uploads\/2025\/06\/2026-juan-martin-etcheverria.jpg\" class=\"attachment-post-thumbnail size-post-thumbnail wp-post-image\" alt=\"\" decoding=\"async\" loading=\"lazy\" srcset=\"http:\/\/chivilcoy.gov.ar\/hcd\/wp-content\/uploads\/2025\/06\/2026-juan-martin-etcheverria.jpg 350w, http:\/\/chivilcoy.gov.ar\/hcd\/wp-content\/uploads\/2025\/06\/2026-juan-martin-etcheverria-300x300.jpg 300w, http:\/\/chivilcoy.gov.ar\/hcd\/wp-content\/uploads\/2025\/06\/2026-juan-martin-etcheverria-150x150.jpg 150w\" sizes=\"(max-width: 350px) 100vw, 350px\" \/><\/a>\n\t\t\t\t<\/div>\n\t\t\t\t\t\t\n\t\t\t<div class=\"staff-member-right\">\n\t\t\t\t\t\t\t\t<h3 class=\"staff-member-name\">\n\t\t\t\t\t<a href=\"http:\/\/chivilcoy.gov.ar\/hcd\/miembros\/juan-martin-etcheverria\/\">Juan Mart\u00edn Etcheverr\u00eda<\/a>\n\t\t\t\t<\/h3>\n\t\t\t\t\t\t\t\t\n\t\t\t\t<h4> <\/h4>\n\t\t\t\t\t\t\t<\/div>\t\t\t\n\t\t<\/div>\n\t\n\t\n\t<\/div>\n<h3 class=\"nombre_bloque_concejales\">Bloque Fuerza Patria<\/h3>\n<div id=\"staff_list_dfe4f5bea2688d918550\" class=\"staff-list show_photo show_name hide_title hide_bio hide_phone hide_email hide_address hide_website style_list staff_category_fuerza-patria\">\n\n\t\n\t\t\n\t\t<div class=\"staff-member\">\t\t\n\t\t\t\t\t\t\t<div class=\"staff-photo\">\n\t\t\t\t\t<a href=\"http:\/\/chivilcoy.gov.ar\/hcd\/miembros\/constanza-alonso\/\"><img width=\"350\" height=\"350\" src=\"http:\/\/chivilcoy.gov.ar\/hcd\/wp-content\/uploads\/2026\/04\/2026-constanza-alonso-1.jpg\" class=\"attachment-post-thumbnail size-post-thumbnail wp-post-image\" alt=\"\" decoding=\"async\" loading=\"lazy\" srcset=\"http:\/\/chivilcoy.gov.ar\/hcd\/wp-content\/uploads\/2026\/04\/2026-constanza-alonso-1.jpg 350w, http:\/\/chivilcoy.gov.ar\/hcd\/wp-content\/uploads\/2026\/04\/2026-constanza-alonso-1-300x300.jpg 300w, http:\/\/chivilcoy.gov.ar\/hcd\/wp-content\/uploads\/2026\/04\/2026-constanza-alonso-1-150x150.jpg 150w\" sizes=\"(max-width: 350px) 100vw, 350px\" \/><\/a>\n\t\t\t\t<\/div>\n\t\t\t\t\t\t\n\t\t\t<div class=\"staff-member-right\">\n\t\t\t\t\t\t\t\t<h3 class=\"staff-member-name\">\n\t\t\t\t\t<a href=\"http:\/\/chivilcoy.gov.ar\/hcd\/miembros\/constanza-alonso\/\">Constanza Alonso<\/a>\n\t\t\t\t<\/h3>\n\t\t\t\t\t\t\t\t\n\t\t\t\t<h4> <\/h4>\n\t\t\t\t\t\t\t<\/div>\t\t\t\n\t\t<\/div>\n\t\n\t\t\n\t\t<div class=\"staff-member\">\t\t\n\t\t\t\t\t\t\t<div class=\"staff-photo\">\n\t\t\t\t\t<a href=\"http:\/\/chivilcoy.gov.ar\/hcd\/miembros\/eugenia-blotta\/\"><img width=\"350\" height=\"350\" src=\"http:\/\/chivilcoy.gov.ar\/hcd\/wp-content\/uploads\/2026\/04\/2026-eugenia-blotta.jpg\" class=\"attachment-post-thumbnail size-post-thumbnail wp-post-image\" alt=\"\" decoding=\"async\" loading=\"lazy\" srcset=\"http:\/\/chivilcoy.gov.ar\/hcd\/wp-content\/uploads\/2026\/04\/2026-eugenia-blotta.jpg 350w, http:\/\/chivilcoy.gov.ar\/hcd\/wp-content\/uploads\/2026\/04\/2026-eugenia-blotta-300x300.jpg 300w, http:\/\/chivilcoy.gov.ar\/hcd\/wp-content\/uploads\/2026\/04\/2026-eugenia-blotta-150x150.jpg 150w\" sizes=\"(max-width: 350px) 100vw, 350px\" \/><\/a>\n\t\t\t\t<\/div>\n\t\t\t\t\t\t\n\t\t\t<div class=\"staff-member-right\">\n\t\t\t\t\t\t\t\t<h3 class=\"staff-member-name\">\n\t\t\t\t\t<a href=\"http:\/\/chivilcoy.gov.ar\/hcd\/miembros\/eugenia-blotta\/\">Eugenia Blotta<\/a>\n\t\t\t\t<\/h3>\n\t\t\t\t\t\t\t\t\n\t\t\t\t<h4> <\/h4>\n\t\t\t\t\t\t\t<\/div>\t\t\t\n\t\t<\/div>\n\t\n\t\t\n\t\t<div class=\"staff-member\">\t\t\n\t\t\t\t\t\t\t<div class=\"staff-photo\">\n\t\t\t\t\t<a href=\"http:\/\/chivilcoy.gov.ar\/hcd\/miembros\/fernando-cabani\/\"><img width=\"350\" height=\"350\" src=\"http:\/\/chivilcoy.gov.ar\/hcd\/wp-content\/uploads\/2025\/06\/2026-fernando-cabani.jpg\" class=\"attachment-post-thumbnail size-post-thumbnail wp-post-image\" alt=\"\" decoding=\"async\" loading=\"lazy\" srcset=\"http:\/\/chivilcoy.gov.ar\/hcd\/wp-content\/uploads\/2025\/06\/2026-fernando-cabani.jpg 350w, http:\/\/chivilcoy.gov.ar\/hcd\/wp-content\/uploads\/2025\/06\/2026-fernando-cabani-300x300.jpg 300w, http:\/\/chivilcoy.gov.ar\/hcd\/wp-content\/uploads\/2025\/06\/2026-fernando-cabani-150x150.jpg 150w\" sizes=\"(max-width: 350px) 100vw, 350px\" \/><\/a>\n\t\t\t\t<\/div>\n\t\t\t\t\t\t\n\t\t\t<div class=\"staff-member-right\">\n\t\t\t\t\t\t\t\t<h3 class=\"staff-member-name\">\n\t\t\t\t\t<a href=\"http:\/\/chivilcoy.gov.ar\/hcd\/miembros\/fernando-cabani\/\">Fernando Cabani<\/a>\n\t\t\t\t<\/h3>\n\t\t\t\t\t\t\t\t\n\t\t\t\t<h4> <\/h4>\n\t\t\t\t\t\t\t<\/div>\t\t\t\n\t\t<\/div>\n\t\n\t\t\n\t\t<div class=\"staff-member\">\t\t\n\t\t\t\t\t\t\t<div class=\"staff-photo\">\n\t\t\t\t\t<a href=\"http:\/\/chivilcoy.gov.ar\/hcd\/miembros\/ezequiel-caselles\/\"><img width=\"350\" height=\"350\" src=\"http:\/\/chivilcoy.gov.ar\/hcd\/wp-content\/uploads\/2026\/04\/2026-ezequiel-caselles.jpg\" class=\"attachment-post-thumbnail size-post-thumbnail wp-post-image\" alt=\"\" decoding=\"async\" loading=\"lazy\" srcset=\"http:\/\/chivilcoy.gov.ar\/hcd\/wp-content\/uploads\/2026\/04\/2026-ezequiel-caselles.jpg 350w, http:\/\/chivilcoy.gov.ar\/hcd\/wp-content\/uploads\/2026\/04\/2026-ezequiel-caselles-300x300.jpg 300w, http:\/\/chivilcoy.gov.ar\/hcd\/wp-content\/uploads\/2026\/04\/2026-ezequiel-caselles-150x150.jpg 150w\" sizes=\"(max-width: 350px) 100vw, 350px\" \/><\/a>\n\t\t\t\t<\/div>\n\t\t\t\t\t\t\n\t\t\t<div class=\"staff-member-right\">\n\t\t\t\t\t\t\t\t<h3 class=\"staff-member-name\">\n\t\t\t\t\t<a href=\"http:\/\/chivilcoy.gov.ar\/hcd\/miembros\/ezequiel-caselles\/\">Ezequiel Caselles<\/a>\n\t\t\t\t<\/h3>\n\t\t\t\t\t\t\t\t\n\t\t\t\t<h4> <\/h4>\n\t\t\t\t\t\t\t<\/div>\t\t\t\n\t\t<\/div>\n\t\n\t\t\n\t\t<div class=\"staff-member\">\t\t\n\t\t\t\t\t\t\t<div class=\"staff-photo\">\n\t\t\t\t\t<a href=\"http:\/\/chivilcoy.gov.ar\/hcd\/miembros\/yanila-cofre\/\"><img width=\"350\" height=\"350\" src=\"http:\/\/chivilcoy.gov.ar\/hcd\/wp-content\/uploads\/2025\/06\/2025-yanila-cofre.jpg\" class=\"attachment-post-thumbnail size-post-thumbnail wp-post-image\" alt=\"Yanila Cofr\u00e9\" decoding=\"async\" loading=\"lazy\" srcset=\"http:\/\/chivilcoy.gov.ar\/hcd\/wp-content\/uploads\/2025\/06\/2025-yanila-cofre.jpg 350w, http:\/\/chivilcoy.gov.ar\/hcd\/wp-content\/uploads\/2025\/06\/2025-yanila-cofre-300x300.jpg 300w, http:\/\/chivilcoy.gov.ar\/hcd\/wp-content\/uploads\/2025\/06\/2025-yanila-cofre-150x150.jpg 150w\" sizes=\"(max-width: 350px) 100vw, 350px\" \/><\/a>\n\t\t\t\t<\/div>\n\t\t\t\t\t\t\n\t\t\t<div class=\"staff-member-right\">\n\t\t\t\t\t\t\t\t<h3 class=\"staff-member-name\">\n\t\t\t\t\t<a href=\"http:\/\/chivilcoy.gov.ar\/hcd\/miembros\/yanila-cofre\/\">Yanila Cofr\u00e9<\/a>\n\t\t\t\t<\/h3>\n\t\t\t\t\t\t\t\t\n\t\t\t\t<h4> <\/h4>\n\t\t\t\t\t\t\t<\/div>\t\t\t\n\t\t<\/div>\n\t\n\t\t\n\t\t<div class=\"staff-member\">\t\t\n\t\t\t\t\t\t\t<div class=\"staff-photo\">\n\t\t\t\t\t<a href=\"http:\/\/chivilcoy.gov.ar\/hcd\/miembros\/gabriel-deiure\/\"><img width=\"350\" height=\"350\" src=\"http:\/\/chivilcoy.gov.ar\/hcd\/wp-content\/uploads\/2026\/04\/2026-gabriel-deiure.jpg\" class=\"attachment-post-thumbnail size-post-thumbnail wp-post-image\" alt=\"\" decoding=\"async\" loading=\"lazy\" srcset=\"http:\/\/chivilcoy.gov.ar\/hcd\/wp-content\/uploads\/2026\/04\/2026-gabriel-deiure.jpg 350w, http:\/\/chivilcoy.gov.ar\/hcd\/wp-content\/uploads\/2026\/04\/2026-gabriel-deiure-300x300.jpg 300w, http:\/\/chivilcoy.gov.ar\/hcd\/wp-content\/uploads\/2026\/04\/2026-gabriel-deiure-150x150.jpg 150w\" sizes=\"(max-width: 350px) 100vw, 350px\" \/><\/a>\n\t\t\t\t<\/div>\n\t\t\t\t\t\t\n\t\t\t<div class=\"staff-member-right\">\n\t\t\t\t\t\t\t\t<h3 class=\"staff-member-name\">\n\t\t\t\t\t<a href=\"http:\/\/chivilcoy.gov.ar\/hcd\/miembros\/gabriel-deiure\/\">Gabriel Deiure<\/a>\n\t\t\t\t<\/h3>\n\t\t\t\t\t\t\t\t\n\t\t\t\t<h4> <\/h4>\n\t\t\t\t\t\t\t<\/div>\t\t\t\n\t\t<\/div>\n\t\n\t\t\n\t\t<div class=\"staff-member\">\t\t\n\t\t\t\t\t\t\t<div class=\"staff-photo\">\n\t\t\t\t\t<a href=\"http:\/\/chivilcoy.gov.ar\/hcd\/miembros\/fernando-poggio\/\"><img width=\"350\" height=\"350\" src=\"http:\/\/chivilcoy.gov.ar\/hcd\/wp-content\/uploads\/2025\/06\/2026-fernando-poggio.jpg\" class=\"attachment-post-thumbnail size-post-thumbnail wp-post-image\" alt=\"\" decoding=\"async\" loading=\"lazy\" srcset=\"http:\/\/chivilcoy.gov.ar\/hcd\/wp-content\/uploads\/2025\/06\/2026-fernando-poggio.jpg 350w, http:\/\/chivilcoy.gov.ar\/hcd\/wp-content\/uploads\/2025\/06\/2026-fernando-poggio-300x300.jpg 300w, http:\/\/chivilcoy.gov.ar\/hcd\/wp-content\/uploads\/2025\/06\/2026-fernando-poggio-150x150.jpg 150w\" sizes=\"(max-width: 350px) 100vw, 350px\" \/><\/a>\n\t\t\t\t<\/div>\n\t\t\t\t\t\t\n\t\t\t<div class=\"staff-member-right\">\n\t\t\t\t\t\t\t\t<h3 class=\"staff-member-name\">\n\t\t\t\t\t<a href=\"http:\/\/chivilcoy.gov.ar\/hcd\/miembros\/fernando-poggio\/\">Fernando Poggio<\/a>\n\t\t\t\t<\/h3>\n\t\t\t\t\t\t\t\t\n\t\t\t\t<h4> <\/h4>\n\t\t\t\t\t\t\t<\/div>\t\t\t\n\t\t<\/div>\n\t\n\t\n\t<\/div>\n<h3 class=\"nombre_bloque_concejales\">Bloque La Libertad Avanza<\/h3>\n<div id=\"staff_list_7c7c881fe888cb898f4c\" class=\"staff-list show_photo show_name hide_title hide_bio hide_phone hide_email hide_address hide_website style_list staff_category_la-libertad-avanza\">\n\n\t\n\t\t\n\t\t<div class=\"staff-member\">\t\t\n\t\t\t\t\t\t\t<div class=\"staff-photo\">\n\t\t\t\t\t<a href=\"http:\/\/chivilcoy.gov.ar\/hcd\/miembros\/juan-ignacio-felice\/\"><img width=\"350\" height=\"350\" src=\"http:\/\/chivilcoy.gov.ar\/hcd\/wp-content\/uploads\/2019\/02\/2026-juan-ignacio-felice.jpg\" class=\"attachment-post-thumbnail size-post-thumbnail wp-post-image\" alt=\"\" decoding=\"async\" loading=\"lazy\" srcset=\"http:\/\/chivilcoy.gov.ar\/hcd\/wp-content\/uploads\/2019\/02\/2026-juan-ignacio-felice.jpg 350w, http:\/\/chivilcoy.gov.ar\/hcd\/wp-content\/uploads\/2019\/02\/2026-juan-ignacio-felice-300x300.jpg 300w, http:\/\/chivilcoy.gov.ar\/hcd\/wp-content\/uploads\/2019\/02\/2026-juan-ignacio-felice-150x150.jpg 150w\" sizes=\"(max-width: 350px) 100vw, 350px\" \/><\/a>\n\t\t\t\t<\/div>\n\t\t\t\t\t\t\n\t\t\t<div class=\"staff-member-right\">\n\t\t\t\t\t\t\t\t<h3 class=\"staff-member-name\">\n\t\t\t\t\t<a href=\"http:\/\/chivilcoy.gov.ar\/hcd\/miembros\/juan-ignacio-felice\/\">Juan Ignacio Felice<\/a>\n\t\t\t\t<\/h3>\n\t\t\t\t\t\t\t\t\n\t\t\t\t<h4> <\/h4>\n\t\t\t\t\t\t\t<\/div>\t\t\t\n\t\t<\/div>\n\t\n\t\t\n\t\t<div class=\"staff-member\">\t\t\n\t\t\t\t\t\t\t<div class=\"staff-photo\">\n\t\t\t\t\t<a href=\"http:\/\/chivilcoy.gov.ar\/hcd\/miembros\/noelia-ramos-nicieza\/\"><img width=\"350\" height=\"350\" src=\"http:\/\/chivilcoy.gov.ar\/hcd\/wp-content\/uploads\/2026\/04\/2026-noelia-ramos-nicieza.jpg\" class=\"attachment-post-thumbnail size-post-thumbnail wp-post-image\" alt=\"\" decoding=\"async\" loading=\"lazy\" srcset=\"http:\/\/chivilcoy.gov.ar\/hcd\/wp-content\/uploads\/2026\/04\/2026-noelia-ramos-nicieza.jpg 350w, http:\/\/chivilcoy.gov.ar\/hcd\/wp-content\/uploads\/2026\/04\/2026-noelia-ramos-nicieza-300x300.jpg 300w, http:\/\/chivilcoy.gov.ar\/hcd\/wp-content\/uploads\/2026\/04\/2026-noelia-ramos-nicieza-150x150.jpg 150w\" sizes=\"(max-width: 350px) 100vw, 350px\" \/><\/a>\n\t\t\t\t<\/div>\n\t\t\t\t\t\t\n\t\t\t<div class=\"staff-member-right\">\n\t\t\t\t\t\t\t\t<h3 class=\"staff-member-name\">\n\t\t\t\t\t<a href=\"http:\/\/chivilcoy.gov.ar\/hcd\/miembros\/noelia-ramos-nicieza\/\">Noelia Ramos Nicieza<\/a>\n\t\t\t\t<\/h3>\n\t\t\t\t\t\t\t\t\n\t\t\t\t<h4> <\/h4>\n\t\t\t\t\t\t\t<\/div>\t\t\t\n\t\t<\/div>\n\t\n\t\n\t<\/div>\n<div><\/div>\n","protected":false},"excerpt":{"rendered":"<p>Bloque Alianza LLA-PRO<\/p>\n","protected":false},"author":1,"featured_media":0,"parent":0,"menu_order":0,"comment_status":"closed","ping_status":"closed","template":"","meta":[],"acf":[],"yoast_head":"<!-- This site is optimized with the Yoast SEO plugin v20.1 - https:\/\/yoast.com\/wordpress\/plugins\/seo\/ -->\n<title>Concejales - Honorable Concejo Deliberante de Chivilcoy<\/title>\n<meta name=\"robots\" content=\"index, follow, max-snippet:-1, max-image-preview:large, max-video-preview:-1\" \/>\n<link rel=\"canonical\" href=\"https:\/\/chivilcoy.gov.ar\/hcd\/concejales\/\" \/>\n<meta property=\"og:locale\" content=\"es_ES\" \/>\n<meta property=\"og:type\" content=\"article\" \/>\n<meta property=\"og:title\" content=\"Concejales - Honorable Concejo Deliberante de Chivilcoy\" \/>\n<meta property=\"og:description\" content=\"Bloque Alianza LLA-PRO\" \/>\n<meta property=\"og:url\" content=\"https:\/\/chivilcoy.gov.ar\/hcd\/concejales\/\" \/>\n<meta property=\"og:site_name\" content=\"Honorable Concejo Deliberante de Chivilcoy\" \/>\n<meta property=\"article:publisher\" content=\"https:\/\/www.facebook.com\/Honorable-Concejo-Deliberante-Chivilcoy-1515926172071424\" \/>\n<meta property=\"article:modified_time\" content=\"2026-04-13T15:33:50+00:00\" \/>\n<meta property=\"og:image\" content=\"http:\/\/chivilcoy.gov.ar\/hcd\/wp-content\/uploads\/2021\/02\/logo-hcd-og.jpg\" \/>\n\t<meta property=\"og:image:width\" content=\"1200\" \/>\n\t<meta property=\"og:image:height\" content=\"630\" \/>\n\t<meta property=\"og:image:type\" content=\"image\/jpeg\" \/>\n<meta name=\"twitter:card\" content=\"summary_large_image\" \/>\n<meta name=\"twitter:site\" content=\"@HCDChivilcoy\" \/>\n<meta name=\"twitter:label1\" content=\"Tiempo de lectura\" \/>\n\t<meta name=\"twitter:data1\" content=\"1 minuto\" \/>\n<script type=\"application\/ld+json\" class=\"yoast-schema-graph\">{\"@context\":\"https:\/\/schema.org\",\"@graph\":[{\"@type\":\"WebPage\",\"@id\":\"https:\/\/chivilcoy.gov.ar\/hcd\/concejales\/\",\"url\":\"https:\/\/chivilcoy.gov.ar\/hcd\/concejales\/\",\"name\":\"Concejales - Honorable Concejo Deliberante de Chivilcoy\",\"isPartOf\":{\"@id\":\"https:\/\/chivilcoy.gov.ar\/hcd\/#website\"},\"datePublished\":\"2019-02-13T12:52:39+00:00\",\"dateModified\":\"2026-04-13T15:33:50+00:00\",\"breadcrumb\":{\"@id\":\"https:\/\/chivilcoy.gov.ar\/hcd\/concejales\/#breadcrumb\"},\"inLanguage\":\"es\",\"potentialAction\":[{\"@type\":\"ReadAction\",\"target\":[\"https:\/\/chivilcoy.gov.ar\/hcd\/concejales\/\"]}]},{\"@type\":\"BreadcrumbList\",\"@id\":\"https:\/\/chivilcoy.gov.ar\/hcd\/concejales\/#breadcrumb\",\"itemListElement\":[{\"@type\":\"ListItem\",\"position\":1,\"name\":\"Portada\",\"item\":\"https:\/\/chivilcoy.gov.ar\/hcd\/\"},{\"@type\":\"ListItem\",\"position\":2,\"name\":\"Concejales\"}]},{\"@type\":\"WebSite\",\"@id\":\"https:\/\/chivilcoy.gov.ar\/hcd\/#website\",\"url\":\"https:\/\/chivilcoy.gov.ar\/hcd\/\",\"name\":\"Honorable Concejo Deliberante de Chivilcoy\",\"description\":\"\",\"publisher\":{\"@id\":\"https:\/\/chivilcoy.gov.ar\/hcd\/#organization\"},\"potentialAction\":[{\"@type\":\"SearchAction\",\"target\":{\"@type\":\"EntryPoint\",\"urlTemplate\":\"https:\/\/chivilcoy.gov.ar\/hcd\/?s={search_term_string}\"},\"query-input\":\"required name=search_term_string\"}],\"inLanguage\":\"es\"},{\"@type\":\"Organization\",\"@id\":\"https:\/\/chivilcoy.gov.ar\/hcd\/#organization\",\"name\":\"Honorable Concejo Deliberante de Chivilcoy\",\"url\":\"https:\/\/chivilcoy.gov.ar\/hcd\/\",\"logo\":{\"@type\":\"ImageObject\",\"inLanguage\":\"es\",\"@id\":\"https:\/\/chivilcoy.gov.ar\/hcd\/#\/schema\/logo\/image\/\",\"url\":\"https:\/\/chivilcoy.gov.ar\/hcd\/wp-content\/uploads\/2021\/02\/logo-hcd.jpg\",\"contentUrl\":\"https:\/\/chivilcoy.gov.ar\/hcd\/wp-content\/uploads\/2021\/02\/logo-hcd.jpg\",\"width\":800,\"height\":800,\"caption\":\"Honorable Concejo Deliberante de Chivilcoy\"},\"image\":{\"@id\":\"https:\/\/chivilcoy.gov.ar\/hcd\/#\/schema\/logo\/image\/\"},\"sameAs\":[\"https:\/\/www.facebook.com\/Honorable-Concejo-Deliberante-Chivilcoy-1515926172071424\",\"https:\/\/twitter.com\/HCDChivilcoy\",\"https:\/\/www.instagram.com\/concejochivilcoy\/\"]}]}<\/script>\n<!-- \/ Yoast SEO plugin. -->","yoast_head_json":{"title":"Concejales - Honorable Concejo Deliberante de Chivilcoy","robots":{"index":"index","follow":"follow","max-snippet":"max-snippet:-1","max-image-preview":"max-image-preview:large","max-video-preview":"max-video-preview:-1"},"canonical":"https:\/\/chivilcoy.gov.ar\/hcd\/concejales\/","og_locale":"es_ES","og_type":"article","og_title":"Concejales - Honorable Concejo Deliberante de Chivilcoy","og_description":"Bloque Alianza LLA-PRO","og_url":"https:\/\/chivilcoy.gov.ar\/hcd\/concejales\/","og_site_name":"Honorable Concejo Deliberante de Chivilcoy","article_publisher":"https:\/\/www.facebook.com\/Honorable-Concejo-Deliberante-Chivilcoy-1515926172071424","article_modified_time":"2026-04-13T15:33:50+00:00","og_image":[{"width":1200,"height":630,"url":"http:\/\/chivilcoy.gov.ar\/hcd\/wp-content\/uploads\/2021\/02\/logo-hcd-og.jpg","type":"image\/jpeg"}],"twitter_card":"summary_large_image","twitter_site":"@HCDChivilcoy","twitter_misc":{"Tiempo de lectura":"1 minuto"},"schema":{"@context":"https:\/\/schema.org","@graph":[{"@type":"WebPage","@id":"https:\/\/chivilcoy.gov.ar\/hcd\/concejales\/","url":"https:\/\/chivilcoy.gov.ar\/hcd\/concejales\/","name":"Concejales - Honorable Concejo Deliberante de Chivilcoy","isPartOf":{"@id":"https:\/\/chivilcoy.gov.ar\/hcd\/#website"},"datePublished":"2019-02-13T12:52:39+00:00","dateModified":"2026-04-13T15:33:50+00:00","breadcrumb":{"@id":"https:\/\/chivilcoy.gov.ar\/hcd\/concejales\/#breadcrumb"},"inLanguage":"es","potentialAction":[{"@type":"ReadAction","target":["https:\/\/chivilcoy.gov.ar\/hcd\/concejales\/"]}]},{"@type":"BreadcrumbList","@id":"https:\/\/chivilcoy.gov.ar\/hcd\/concejales\/#breadcrumb","itemListElement":[{"@type":"ListItem","position":1,"name":"Portada","item":"https:\/\/chivilcoy.gov.ar\/hcd\/"},{"@type":"ListItem","position":2,"name":"Concejales"}]},{"@type":"WebSite","@id":"https:\/\/chivilcoy.gov.ar\/hcd\/#website","url":"https:\/\/chivilcoy.gov.ar\/hcd\/","name":"Honorable Concejo Deliberante de Chivilcoy","description":"","publisher":{"@id":"https:\/\/chivilcoy.gov.ar\/hcd\/#organization"},"potentialAction":[{"@type":"SearchAction","target":{"@type":"EntryPoint","urlTemplate":"https:\/\/chivilcoy.gov.ar\/hcd\/?s={search_term_string}"},"query-input":"required name=search_term_string"}],"inLanguage":"es"},{"@type":"Organization","@id":"https:\/\/chivilcoy.gov.ar\/hcd\/#organization","name":"Honorable Concejo Deliberante de Chivilcoy","url":"https:\/\/chivilcoy.gov.ar\/hcd\/","logo":{"@type":"ImageObject","inLanguage":"es","@id":"https:\/\/chivilcoy.gov.ar\/hcd\/#\/schema\/logo\/image\/","url":"https:\/\/chivilcoy.gov.ar\/hcd\/wp-content\/uploads\/2021\/02\/logo-hcd.jpg","contentUrl":"https:\/\/chivilcoy.gov.ar\/hcd\/wp-content\/uploads\/2021\/02\/logo-hcd.jpg","width":800,"height":800,"caption":"Honorable Concejo Deliberante de Chivilcoy"},"image":{"@id":"https:\/\/chivilcoy.gov.ar\/hcd\/#\/schema\/logo\/image\/"},"sameAs":["https:\/\/www.facebook.com\/Honorable-Concejo-Deliberante-Chivilcoy-1515926172071424","https:\/\/twitter.com\/HCDChivilcoy","https:\/\/www.instagram.com\/concejochivilcoy\/"]}]}},"_links":{"self":[{"href":"http:\/\/chivilcoy.gov.ar\/hcd\/wp-json\/wp\/v2\/pages\/38"}],"collection":[{"href":"http:\/\/chivilcoy.gov.ar\/hcd\/wp-json\/wp\/v2\/pages"}],"about":[{"href":"http:\/\/chivilcoy.gov.ar\/hcd\/wp-json\/wp\/v2\/types\/page"}],"author":[{"embeddable":true,"href":"http:\/\/chivilcoy.gov.ar\/hcd\/wp-json\/wp\/v2\/users\/1"}],"replies":[{"embeddable":true,"href":"http:\/\/chivilcoy.gov.ar\/hcd\/wp-json\/wp\/v2\/comments?post=38"}],"version-history":[{"count":48,"href":"http:\/\/chivilcoy.gov.ar\/hcd\/wp-json\/wp\/v2\/pages\/38\/revisions"}],"predecessor-version":[{"id":1095,"href":"http:\/\/chivilcoy.gov.ar\/hcd\/wp-json\/wp\/v2\/pages\/38\/revisions\/1095"}],"wp:attachment":[{"href":"http:\/\/chivilcoy.gov.ar\/hcd\/wp-json\/wp\/v2\/media?parent=38"}],"curies":[{"name":"wp","href":"https:\/\/api.w.org\/{rel}","templated":true}]}}